{"id":712,"date":"2021-02-23T12:25:24","date_gmt":"2021-02-23T11:25:24","guid":{"rendered":"http:\/\/ingenierie-et-formation.fr\/?page_id=712"},"modified":"2025-08-01T18:05:27","modified_gmt":"2025-08-01T16:05:27","slug":"conseil","status":"publish","type":"page","link":"https:\/\/ingenierie-et-formation.fr\/?page_id=712","title":{"rendered":"Accompagnement et conseil aux collectivit\u00e9s territoriales"},"content":{"rendered":"\n<div class=\"wp-block-columns is-layout-flex wp-container-core-columns-is-layout-1 wp-block-columns-is-layout-flex\">\n<div class=\"wp-block-column is-layout-flow wp-block-column-is-layout-flow\" style=\"flex-basis:100%\">\n<h5 class=\"wp-block-heading\"><mark style=\"background-color:rgba(0, 0, 0, 0);color:#0071a1\" class=\"has-inline-color\">Des regards crois\u00e9s, des exp\u00e9riences diversifi\u00e9es et compl\u00e9mentaires pour co-construire des accompagnements au plus pr\u00e8s des besoins de la Fonction Publique<\/mark><\/h5>\n\n\n\n<figure class=\"wp-block-image size-large\"><img loading=\"lazy\" decoding=\"async\" width=\"1024\" height=\"768\" src=\"https:\/\/ingenierie-et-formation.fr\/wp-content\/uploads\/2025\/08\/2025-06-30-Sanalink-Portraits-094-1024x768.jpeg\" alt=\"\" class=\"wp-image-1363\" srcset=\"https:\/\/ingenierie-et-formation.fr\/wp-content\/uploads\/2025\/08\/2025-06-30-Sanalink-Portraits-094-1024x768.jpeg 1024w, https:\/\/ingenierie-et-formation.fr\/wp-content\/uploads\/2025\/08\/2025-06-30-Sanalink-Portraits-094-300x225.jpeg 300w, https:\/\/ingenierie-et-formation.fr\/wp-content\/uploads\/2025\/08\/2025-06-30-Sanalink-Portraits-094-768x576.jpeg 768w, https:\/\/ingenierie-et-formation.fr\/wp-content\/uploads\/2025\/08\/2025-06-30-Sanalink-Portraits-094-1536x1152.jpeg 1536w, https:\/\/ingenierie-et-formation.fr\/wp-content\/uploads\/2025\/08\/2025-06-30-Sanalink-Portraits-094-1200x900.jpeg 1200w, https:\/\/ingenierie-et-formation.fr\/wp-content\/uploads\/2025\/08\/2025-06-30-Sanalink-Portraits-094-1980x1485.jpeg 1980w, https:\/\/ingenierie-et-formation.fr\/wp-content\/uploads\/2025\/08\/2025-06-30-Sanalink-Portraits-094.jpeg 2016w\" sizes=\"auto, (max-width: 1024px) 100vw, 1024px\" \/><\/figure>\n<\/div>\n<\/div>\n\n\n\n<p>Depuis 2021, notre <strong>groupement solidaire<\/strong> r\u00e9unit l\u2019expertise et l\u2019exp\u00e9rience de <strong>deux<\/strong> <strong>consultantes et coachs sp\u00e9cialis\u00e9es<\/strong> pour accompagner les services RH des collectivit\u00e9s territoriales dans la gestion des mobilit\u00e9s professionnelles, qu\u2019elles soient <strong>choisies ou contraintes<\/strong>.<\/p>\n\n\n\n<p>Nous intervenons aupr\u00e8s des agents de la Fonction Publique, <strong>tous grades et fili\u00e8res confondus<\/strong>, en leur proposant un accompagnement personnalis\u00e9 pour s\u00e9curiser et optimiser leur \u00e9volution professionnelle.<\/p>\n\n\n\n<h3 class=\"wp-block-heading\"><strong>Nos prestations sur mesure<\/strong><\/h3>\n\n\n\n<p><a href=\"https:\/\/sites.google.com\/view\/sana-link\/accueil\">https:\/\/sites.google.com\/view\/sana-link\/accueil<\/a><\/p>\n\n\n\n<p>\ud83d\udd39 <strong>Bilan professionnel<\/strong><br>Un temps de r\u00e9flexion structur\u00e9 pour :<br>\u2714 Faire le point sur son parcours et ses aspirations<br>\u2714 Identifier ses comp\u00e9tences et ses leviers de r\u00e9ussite<br>\u2714 D\u00e9finir un projet professionnel align\u00e9 avec ses motivations<\/p>\n\n\n\n<p>\ud83d\udd39 <strong>\u00c9valuation des comp\u00e9tences transversales<\/strong><br>Des mises en situation concr\u00e8tes pour :<br>\u2714 Valoriser et d\u00e9velopper des comp\u00e9tences transf\u00e9rables<br>\u2714 Renforcer son adaptabilit\u00e9 dans un nouveau poste<br>\u2714 Optimiser sa transition professionnelle<\/p>\n\n\n\n<p>\ud83d\udd39 <strong>Form\u2019Action &amp; Coaching<\/strong><br>Un accompagnement dynamique pour :<br>\u2714 Am\u00e9liorer les relations de travail et la communication<br>\u2714 Renforcer sa posture professionnelle<br>\u2714 D\u00e9velopper une meilleure gestion des situations complexes<\/p>\n\n\n\n<p>Notre approche est <strong>pragmatique, humaine et engag\u00e9e<\/strong>, avec un seul objectif : <strong>faciliter l\u2019\u00e9volution des agents tout en soutenant les collectivit\u00e9s dans la gestion de leurs ressources humaines<\/strong>.<\/p>\n\n\n\n<p>\u27a1 Contactez-nous pour en savoir plus et construire ensemble un accompagnement adapt\u00e9 \u00e0 vos besoins !<\/p>\n\n\n\n<figure class=\"wp-block-image size-full\"><img loading=\"lazy\" decoding=\"async\" width=\"1024\" height=\"768\" src=\"https:\/\/ingenierie-et-formation.fr\/wp-content\/uploads\/2025\/02\/Stat-CD34-5.png\" alt=\"\" class=\"wp-image-1338\" srcset=\"https:\/\/ingenierie-et-formation.fr\/wp-content\/uploads\/2025\/02\/Stat-CD34-5.png 1024w, https:\/\/ingenierie-et-formation.fr\/wp-content\/uploads\/2025\/02\/Stat-CD34-5-300x225.png 300w, https:\/\/ingenierie-et-formation.fr\/wp-content\/uploads\/2025\/02\/Stat-CD34-5-768x576.png 768w\" sizes=\"auto, (max-width: 1024px) 100vw, 1024px\" \/><\/figure>\n\n\n\n<div class=\"wp-block-media-text alignfull is-stacked-on-mobile is-vertically-aligned-bottom\" style=\"grid-template-columns:56% auto\"><figure class=\"wp-block-media-text__media\"><img loading=\"lazy\" decoding=\"async\" width=\"605\" height=\"453\" src=\"https:\/\/ingenierie-et-formation.fr\/wp-content\/uploads\/2025\/02\/image-2.png\" alt=\"\" class=\"wp-image-1334 size-full\" srcset=\"https:\/\/ingenierie-et-formation.fr\/wp-content\/uploads\/2025\/02\/image-2.png 605w, https:\/\/ingenierie-et-formation.fr\/wp-content\/uploads\/2025\/02\/image-2-300x225.png 300w\" sizes=\"auto, (max-width: 605px) 100vw, 605px\" \/><\/figure><div class=\"wp-block-media-text__content\">\n<p>Indicateurs qualit\u00e9 des b\u00e9n\u00e9ficiaires d&rsquo;un bilan professionnel 2023-2024<\/p>\n\n\n\n<ul class=\"wp-block-list\">\n<li class=\"has-small-font-size\">81% des b\u00e9n\u00e9ficiaires indiquent \u00eatre globalement tr\u00e8s satisfaits de leur accompagnement<\/li>\n\n\n\n<li class=\"has-small-font-size\"><strong>19% des b\u00e9n\u00e9ficiaires<\/strong> indiquent \u00eatre globalement <strong>satisfaits<\/strong> de leur accompagnement<\/li>\n<\/ul>\n<\/div><\/div>\n","protected":false},"excerpt":{"rendered":"<p>Des regards crois\u00e9s, des exp\u00e9riences diversifi\u00e9es et compl\u00e9mentaires pour co-construire des accompagnements au plus pr\u00e8s des besoins de la Fonction Publique Depuis 2021, notre groupement solidaire r\u00e9unit l\u2019expertise et l\u2019exp\u00e9rience de deux consultantes et coachs sp\u00e9cialis\u00e9es pour accompagner les services RH des collectivit\u00e9s territoriales dans la gestion des mobilit\u00e9s professionnelles, qu\u2019elles soient choisies ou contraintes. [&hellip;]<\/p>\n","protected":false},"author":1,"featured_media":0,"parent":0,"menu_order":0,"comment_status":"closed","ping_status":"closed","template":"","meta":{"footnotes":""},"class_list":["post-712","page","type-page","status-publish","hentry"],"yoast_head":"<!-- This site is optimized with the Yoast SEO plugin v24.4 - https:\/\/yoast.com\/wordpress\/plugins\/seo\/ -->\n<title>Accompagnement et conseil aux collectivit\u00e9s territoriales - Nathalie Medeiros<\/title>\n<meta name=\"robots\" content=\"index, follow, max-snippet:-1, max-image-preview:large, max-video-preview:-1\" \/>\n<link rel=\"canonical\" href=\"https:\/\/ingenierie-et-formation.fr\/?page_id=712\" \/>\n<meta property=\"og:locale\" content=\"fr_FR\" \/>\n<meta property=\"og:type\" content=\"article\" \/>\n<meta property=\"og:title\" content=\"Accompagnement et conseil aux collectivit\u00e9s territoriales - Nathalie Medeiros\" \/>\n<meta property=\"og:description\" content=\"Des regards crois\u00e9s, des exp\u00e9riences diversifi\u00e9es et compl\u00e9mentaires pour co-construire des accompagnements au plus pr\u00e8s des besoins de la Fonction Publique Depuis 2021, notre groupement solidaire r\u00e9unit l\u2019expertise et l\u2019exp\u00e9rience de deux consultantes et coachs sp\u00e9cialis\u00e9es pour accompagner les services RH des collectivit\u00e9s territoriales dans la gestion des mobilit\u00e9s professionnelles, qu\u2019elles soient choisies ou contraintes. [&hellip;]\" \/>\n<meta property=\"og:url\" content=\"https:\/\/ingenierie-et-formation.fr\/?page_id=712\" \/>\n<meta property=\"og:site_name\" content=\"Nathalie Medeiros\" \/>\n<meta property=\"article:modified_time\" content=\"2025-08-01T16:05:27+00:00\" \/>\n<meta property=\"og:image\" content=\"https:\/\/ingenierie-et-formation.fr\/wp-content\/uploads\/2025\/08\/2025-06-30-Sanalink-Portraits-094-1024x768.jpeg\" \/>\n<meta name=\"twitter:card\" content=\"summary_large_image\" \/>\n<meta name=\"twitter:label1\" content=\"Dur\u00e9e de lecture estim\u00e9e\" \/>\n\t<meta name=\"twitter:data1\" content=\"2 minutes\" \/>\n<script type=\"application\/ld+json\" class=\"yoast-schema-graph\">{\"@context\":\"https:\/\/schema.org\",\"@graph\":[{\"@type\":\"WebPage\",\"@id\":\"https:\/\/ingenierie-et-formation.fr\/?page_id=712\",\"url\":\"https:\/\/ingenierie-et-formation.fr\/?page_id=712\",\"name\":\"Accompagnement et conseil aux collectivit\u00e9s territoriales - Nathalie Medeiros\",\"isPartOf\":{\"@id\":\"https:\/\/ingenierie-et-formation.fr\/#website\"},\"primaryImageOfPage\":{\"@id\":\"https:\/\/ingenierie-et-formation.fr\/?page_id=712#primaryimage\"},\"image\":{\"@id\":\"https:\/\/ingenierie-et-formation.fr\/?page_id=712#primaryimage\"},\"thumbnailUrl\":\"https:\/\/ingenierie-et-formation.fr\/wp-content\/uploads\/2025\/08\/2025-06-30-Sanalink-Portraits-094-1024x768.jpeg\",\"datePublished\":\"2021-02-23T11:25:24+00:00\",\"dateModified\":\"2025-08-01T16:05:27+00:00\",\"breadcrumb\":{\"@id\":\"https:\/\/ingenierie-et-formation.fr\/?page_id=712#breadcrumb\"},\"inLanguage\":\"fr-FR\",\"potentialAction\":[{\"@type\":\"ReadAction\",\"target\":[\"https:\/\/ingenierie-et-formation.fr\/?page_id=712\"]}]},{\"@type\":\"ImageObject\",\"inLanguage\":\"fr-FR\",\"@id\":\"https:\/\/ingenierie-et-formation.fr\/?page_id=712#primaryimage\",\"url\":\"https:\/\/ingenierie-et-formation.fr\/wp-content\/uploads\/2025\/08\/2025-06-30-Sanalink-Portraits-094.jpeg\",\"contentUrl\":\"https:\/\/ingenierie-et-formation.fr\/wp-content\/uploads\/2025\/08\/2025-06-30-Sanalink-Portraits-094.jpeg\",\"width\":2016,\"height\":1512},{\"@type\":\"BreadcrumbList\",\"@id\":\"https:\/\/ingenierie-et-formation.fr\/?page_id=712#breadcrumb\",\"itemListElement\":[{\"@type\":\"ListItem\",\"position\":1,\"name\":\"Accueil\",\"item\":\"https:\/\/ingenierie-et-formation.fr\/\"},{\"@type\":\"ListItem\",\"position\":2,\"name\":\"Accompagnement et conseil aux collectivit\u00e9s territoriales\"}]},{\"@type\":\"WebSite\",\"@id\":\"https:\/\/ingenierie-et-formation.fr\/#website\",\"url\":\"https:\/\/ingenierie-et-formation.fr\/\",\"name\":\"Nathalie Medeiros\",\"description\":\"Ing\u00e9nierie et formation\",\"publisher\":{\"@id\":\"https:\/\/ingenierie-et-formation.fr\/#organization\"},\"potentialAction\":[{\"@type\":\"SearchAction\",\"target\":{\"@type\":\"EntryPoint\",\"urlTemplate\":\"https:\/\/ingenierie-et-formation.fr\/?s={search_term_string}\"},\"query-input\":{\"@type\":\"PropertyValueSpecification\",\"valueRequired\":true,\"valueName\":\"search_term_string\"}}],\"inLanguage\":\"fr-FR\"},{\"@type\":\"Organization\",\"@id\":\"https:\/\/ingenierie-et-formation.fr\/#organization\",\"name\":\"Nathalie Medeiros\",\"url\":\"https:\/\/ingenierie-et-formation.fr\/\",\"logo\":{\"@type\":\"ImageObject\",\"inLanguage\":\"fr-FR\",\"@id\":\"https:\/\/ingenierie-et-formation.fr\/#\/schema\/logo\/image\/\",\"url\":\"https:\/\/ingenierie-et-formation.fr\/wp-content\/uploads\/2020\/12\/logo-IF-sans-fond.png\",\"contentUrl\":\"https:\/\/ingenierie-et-formation.fr\/wp-content\/uploads\/2020\/12\/logo-IF-sans-fond.png\",\"width\":1280,\"height\":1078,\"caption\":\"Nathalie Medeiros\"},\"image\":{\"@id\":\"https:\/\/ingenierie-et-formation.fr\/#\/schema\/logo\/image\/\"}}]}<\/script>\n<!-- \/ Yoast SEO plugin. -->","yoast_head_json":{"title":"Accompagnement et conseil aux collectivit\u00e9s territoriales - Nathalie Medeiros","robots":{"index":"index","follow":"follow","max-snippet":"max-snippet:-1","max-image-preview":"max-image-preview:large","max-video-preview":"max-video-preview:-1"},"canonical":"https:\/\/ingenierie-et-formation.fr\/?page_id=712","og_locale":"fr_FR","og_type":"article","og_title":"Accompagnement et conseil aux collectivit\u00e9s territoriales - Nathalie Medeiros","og_description":"Des regards crois\u00e9s, des exp\u00e9riences diversifi\u00e9es et compl\u00e9mentaires pour co-construire des accompagnements au plus pr\u00e8s des besoins de la Fonction Publique Depuis 2021, notre groupement solidaire r\u00e9unit l\u2019expertise et l\u2019exp\u00e9rience de deux consultantes et coachs sp\u00e9cialis\u00e9es pour accompagner les services RH des collectivit\u00e9s territoriales dans la gestion des mobilit\u00e9s professionnelles, qu\u2019elles soient choisies ou contraintes. [&hellip;]","og_url":"https:\/\/ingenierie-et-formation.fr\/?page_id=712","og_site_name":"Nathalie Medeiros","article_modified_time":"2025-08-01T16:05:27+00:00","og_image":[{"url":"https:\/\/ingenierie-et-formation.fr\/wp-content\/uploads\/2025\/08\/2025-06-30-Sanalink-Portraits-094-1024x768.jpeg","type":"","width":"","height":""}],"twitter_card":"summary_large_image","twitter_misc":{"Dur\u00e9e de lecture estim\u00e9e":"2 minutes"},"schema":{"@context":"https:\/\/schema.org","@graph":[{"@type":"WebPage","@id":"https:\/\/ingenierie-et-formation.fr\/?page_id=712","url":"https:\/\/ingenierie-et-formation.fr\/?page_id=712","name":"Accompagnement et conseil aux collectivit\u00e9s territoriales - Nathalie Medeiros","isPartOf":{"@id":"https:\/\/ingenierie-et-formation.fr\/#website"},"primaryImageOfPage":{"@id":"https:\/\/ingenierie-et-formation.fr\/?page_id=712#primaryimage"},"image":{"@id":"https:\/\/ingenierie-et-formation.fr\/?page_id=712#primaryimage"},"thumbnailUrl":"https:\/\/ingenierie-et-formation.fr\/wp-content\/uploads\/2025\/08\/2025-06-30-Sanalink-Portraits-094-1024x768.jpeg","datePublished":"2021-02-23T11:25:24+00:00","dateModified":"2025-08-01T16:05:27+00:00","breadcrumb":{"@id":"https:\/\/ingenierie-et-formation.fr\/?page_id=712#breadcrumb"},"inLanguage":"fr-FR","potentialAction":[{"@type":"ReadAction","target":["https:\/\/ingenierie-et-formation.fr\/?page_id=712"]}]},{"@type":"ImageObject","inLanguage":"fr-FR","@id":"https:\/\/ingenierie-et-formation.fr\/?page_id=712#primaryimage","url":"https:\/\/ingenierie-et-formation.fr\/wp-content\/uploads\/2025\/08\/2025-06-30-Sanalink-Portraits-094.jpeg","contentUrl":"https:\/\/ingenierie-et-formation.fr\/wp-content\/uploads\/2025\/08\/2025-06-30-Sanalink-Portraits-094.jpeg","width":2016,"height":1512},{"@type":"BreadcrumbList","@id":"https:\/\/ingenierie-et-formation.fr\/?page_id=712#breadcrumb","itemListElement":[{"@type":"ListItem","position":1,"name":"Accueil","item":"https:\/\/ingenierie-et-formation.fr\/"},{"@type":"ListItem","position":2,"name":"Accompagnement et conseil aux collectivit\u00e9s territoriales"}]},{"@type":"WebSite","@id":"https:\/\/ingenierie-et-formation.fr\/#website","url":"https:\/\/ingenierie-et-formation.fr\/","name":"Nathalie Medeiros","description":"Ing\u00e9nierie et formation","publisher":{"@id":"https:\/\/ingenierie-et-formation.fr\/#organization"},"potentialAction":[{"@type":"SearchAction","target":{"@type":"EntryPoint","urlTemplate":"https:\/\/ingenierie-et-formation.fr\/?s={search_term_string}"},"query-input":{"@type":"PropertyValueSpecification","valueRequired":true,"valueName":"search_term_string"}}],"inLanguage":"fr-FR"},{"@type":"Organization","@id":"https:\/\/ingenierie-et-formation.fr\/#organization","name":"Nathalie Medeiros","url":"https:\/\/ingenierie-et-formation.fr\/","logo":{"@type":"ImageObject","inLanguage":"fr-FR","@id":"https:\/\/ingenierie-et-formation.fr\/#\/schema\/logo\/image\/","url":"https:\/\/ingenierie-et-formation.fr\/wp-content\/uploads\/2020\/12\/logo-IF-sans-fond.png","contentUrl":"https:\/\/ingenierie-et-formation.fr\/wp-content\/uploads\/2020\/12\/logo-IF-sans-fond.png","width":1280,"height":1078,"caption":"Nathalie Medeiros"},"image":{"@id":"https:\/\/ingenierie-et-formation.fr\/#\/schema\/logo\/image\/"}}]}},"_links":{"self":[{"href":"https:\/\/ingenierie-et-formation.fr\/index.php?rest_route=\/wp\/v2\/pages\/712","targetHints":{"allow":["GET"]}}],"collection":[{"href":"https:\/\/ingenierie-et-formation.fr\/index.php?rest_route=\/wp\/v2\/pages"}],"about":[{"href":"https:\/\/ingenierie-et-formation.fr\/index.php?rest_route=\/wp\/v2\/types\/page"}],"author":[{"embeddable":true,"href":"https:\/\/ingenierie-et-formation.fr\/index.php?rest_route=\/wp\/v2\/users\/1"}],"replies":[{"embeddable":true,"href":"https:\/\/ingenierie-et-formation.fr\/index.php?rest_route=%2Fwp%2Fv2%2Fcomments&post=712"}],"version-history":[{"count":21,"href":"https:\/\/ingenierie-et-formation.fr\/index.php?rest_route=\/wp\/v2\/pages\/712\/revisions"}],"predecessor-version":[{"id":1366,"href":"https:\/\/ingenierie-et-formation.fr\/index.php?rest_route=\/wp\/v2\/pages\/712\/revisions\/1366"}],"wp:attachment":[{"href":"https:\/\/ingenierie-et-formation.fr\/index.php?rest_route=%2Fwp%2Fv2%2Fmedia&parent=712"}],"curies":[{"name":"wp","href":"https:\/\/api.w.org\/{rel}","templated":true}]}}